{"id":6695,"date":"2025-06-06T17:17:50","date_gmt":"2025-06-06T15:17:50","guid":{"rendered":"https:\/\/havan.fr\/?post_type=product&#038;p=6695"},"modified":"2025-06-12T08:46:08","modified_gmt":"2025-06-12T06:46:08","slug":"kit-habillage-bas-de-porte-arriere-camper-stellantis-k0","status":"publish","type":"product","link":"https:\/\/havan.fr\/index.php\/produit\/kit-habillage-bas-de-porte-arriere-camper-stellantis-k0\/","title":{"rendered":"Kit Habillage bas de porte arri\u00e8re &#8211; Camper Stellantis K0"},"content":{"rendered":"<p><strong>Havan<\/strong> vous propose un lot d&rsquo;habillages bas de double portes arri\u00e8res, adapt\u00e9s aux formes complexes des v\u00e9hicules<strong>\u00a0Peugeot expert, Citro\u00ebn Jumpy, Opel Vivaro, Fiat Scudo ou encore Toyota Proace<\/strong> (apr\u00e8s 2016). Con\u00e7u et fabriqu\u00e9 pour durer, ils sont optimis\u00e9s afin d&rsquo;utiliser le moindre volume disponible.<\/p>\n<p>Totalement personnalisable, vous pourrez choisir parmi une gamme de couleurs et mat\u00e9riaux, mais \u00e9galement ajouter des options qui feront de votre am\u00e9nagement un espace de vie unique.<\/p>\n<p><span style=\"text-decoration: underline;\">D\u00e9tails et \u00e9quipements de s\u00e9rie :<\/span><\/p>\n<ul>\n<li>Structure bois en contreplaqu\u00e9 de peuplier<\/li>\n<li>Double huche avec \u00e9lastique de maintient<\/li>\n<\/ul>\n<ol>\n<li style=\"list-style-type: none;\"><\/li>\n<\/ol>\n","protected":false},"excerpt":{"rendered":"<p>Havan vous propose un lot d&rsquo;habillages bas de double portes arri\u00e8res, adapt\u00e9s aux formes complexes des v\u00e9hicules\u00a0Peugeot expert, Citro\u00ebn Jumpy, Opel Vivaro, Fiat Scudo ou encore Toyota Proace (apr\u00e8s 2016). Con\u00e7u et fabriqu\u00e9 pour durer, ils sont optimis\u00e9s afin d&rsquo;utiliser le moindre volume disponible. Totalement personnalisable, vous pourrez choisir parmi une gamme de couleurs et &#8230; <\/p>\n<p class=\"read-more-container\"><a title=\"Kit Habillage bas de porte arri\u00e8re &#8211; Camper Stellantis K0\" class=\"read-more button\" href=\"https:\/\/havan.fr\/index.php\/produit\/kit-habillage-bas-de-porte-arriere-camper-stellantis-k0\/#more-6695\">Read more<span class=\"screen-reader-text\">Kit Habillage bas de porte arri\u00e8re &#8211; Camper Stellantis K0<\/span><\/a><\/p>\n","protected":false},"featured_media":6702,"comment_status":"open","ping_status":"closed","template":"","meta":[],"product_brand":[87],"product_cat":[70,53],"product_tag":[],"class_list":{"0":"post-6695","1":"product","2":"type-product","3":"status-publish","4":"has-post-thumbnail","6":"product_brand-havan","7":"product_cat-boutique-pour-le-vehicule","8":"product_cat-mobilier-en-kit","9":"sales-flash-overlay","10":"woocommerce-text-align-center","11":"woocommerce-image-align-center","13":"first","14":"instock","15":"taxable","16":"shipping-taxable","17":"purchasable","18":"product-type-variable"},"yoast_head":"<!-- This site is optimized with the Yoast SEO plugin v27.4 - https:\/\/yoast.com\/product\/yoast-seo-wordpress\/ -->\n<title>Kit Habillage bas de porte arri\u00e8re - Camper Stellantis K0 - Havan<\/title>\n<meta name=\"description\" content=\"Havan vous propose un meuble de cuisine \u00e9quip\u00e9 et compact, adapt\u00e9 aux formes complexes des Expert, Jumpy, Vivaro, Scudo ou encore Proace\" \/>\n<meta name=\"robots\" content=\"index, follow, max-snippet:-1, max-image-preview:large, max-video-preview:-1\" \/>\n<link rel=\"canonical\" href=\"https:\/\/havan.fr\/index.php\/produit\/kit-habillage-bas-de-porte-arriere-camper-stellantis-k0\/\" \/>\n<meta property=\"og:locale\" content=\"fr_FR\" \/>\n<meta property=\"og:type\" content=\"article\" \/>\n<meta property=\"og:title\" content=\"Kit Habillage bas de porte arri\u00e8re - Camper Stellantis K0 - Havan\" \/>\n<meta property=\"og:description\" content=\"Havan vous propose un meuble de cuisine \u00e9quip\u00e9 et compact, adapt\u00e9 aux formes complexes des Expert, Jumpy, Vivaro, Scudo ou encore Proace\" \/>\n<meta property=\"og:url\" content=\"https:\/\/havan.fr\/index.php\/produit\/kit-habillage-bas-de-porte-arriere-camper-stellantis-k0\/\" \/>\n<meta property=\"og:site_name\" content=\"Havan\" \/>\n<meta property=\"article:modified_time\" content=\"2025-06-12T06:46:08+00:00\" \/>\n<meta property=\"og:image\" content=\"https:\/\/havan.fr\/wp-content\/uploads\/2025\/06\/PXL_20250601_160526340-scaled.jpg\" \/>\n\t<meta property=\"og:image:width\" content=\"1920\" \/>\n\t<meta property=\"og:image:height\" content=\"2560\" \/>\n\t<meta property=\"og:image:type\" content=\"image\/jpeg\" \/>\n<meta name=\"twitter:card\" content=\"summary_large_image\" \/>\n<meta name=\"twitter:label1\" content=\"Dur\u00e9e de lecture estim\u00e9e\" \/>\n\t<meta name=\"twitter:data1\" content=\"1 minute\" \/>\n<script type=\"application\/ld+json\" class=\"yoast-schema-graph\">{\"@context\":\"https:\\\/\\\/schema.org\",\"@graph\":[{\"@type\":\"WebPage\",\"@id\":\"https:\\\/\\\/havan.fr\\\/index.php\\\/produit\\\/kit-habillage-bas-de-porte-arriere-camper-stellantis-k0\\\/\",\"url\":\"https:\\\/\\\/havan.fr\\\/index.php\\\/produit\\\/kit-habillage-bas-de-porte-arriere-camper-stellantis-k0\\\/\",\"name\":\"Kit Habillage bas de porte arri\u00e8re - Camper Stellantis K0 - Havan\",\"isPartOf\":{\"@id\":\"https:\\\/\\\/havan.fr\\\/#website\"},\"primaryImageOfPage\":{\"@id\":\"https:\\\/\\\/havan.fr\\\/index.php\\\/produit\\\/kit-habillage-bas-de-porte-arriere-camper-stellantis-k0\\\/#primaryimage\"},\"image\":{\"@id\":\"https:\\\/\\\/havan.fr\\\/index.php\\\/produit\\\/kit-habillage-bas-de-porte-arriere-camper-stellantis-k0\\\/#primaryimage\"},\"thumbnailUrl\":\"https:\\\/\\\/i0.wp.com\\\/havan.fr\\\/wp-content\\\/uploads\\\/2025\\\/06\\\/PXL_20250601_160526340-scaled.jpg?fit=1920%2C2560&ssl=1\",\"datePublished\":\"2025-06-06T15:17:50+00:00\",\"dateModified\":\"2025-06-12T06:46:08+00:00\",\"description\":\"Havan vous propose un meuble de cuisine \u00e9quip\u00e9 et compact, adapt\u00e9 aux formes complexes des Expert, Jumpy, Vivaro, Scudo ou encore Proace\",\"breadcrumb\":{\"@id\":\"https:\\\/\\\/havan.fr\\\/index.php\\\/produit\\\/kit-habillage-bas-de-porte-arriere-camper-stellantis-k0\\\/#breadcrumb\"},\"inLanguage\":\"fr-FR\",\"potentialAction\":[{\"@type\":\"ReadAction\",\"target\":[\"https:\\\/\\\/havan.fr\\\/index.php\\\/produit\\\/kit-habillage-bas-de-porte-arriere-camper-stellantis-k0\\\/\"]}]},{\"@type\":\"ImageObject\",\"inLanguage\":\"fr-FR\",\"@id\":\"https:\\\/\\\/havan.fr\\\/index.php\\\/produit\\\/kit-habillage-bas-de-porte-arriere-camper-stellantis-k0\\\/#primaryimage\",\"url\":\"https:\\\/\\\/i0.wp.com\\\/havan.fr\\\/wp-content\\\/uploads\\\/2025\\\/06\\\/PXL_20250601_160526340-scaled.jpg?fit=1920%2C2560&ssl=1\",\"contentUrl\":\"https:\\\/\\\/i0.wp.com\\\/havan.fr\\\/wp-content\\\/uploads\\\/2025\\\/06\\\/PXL_20250601_160526340-scaled.jpg?fit=1920%2C2560&ssl=1\",\"width\":1920,\"height\":2560},{\"@type\":\"BreadcrumbList\",\"@id\":\"https:\\\/\\\/havan.fr\\\/index.php\\\/produit\\\/kit-habillage-bas-de-porte-arriere-camper-stellantis-k0\\\/#breadcrumb\",\"itemListElement\":[{\"@type\":\"ListItem\",\"position\":1,\"name\":\"Accueil\",\"item\":\"https:\\\/\\\/havan.fr\\\/\"},{\"@type\":\"ListItem\",\"position\":2,\"name\":\"Boutique\",\"item\":\"https:\\\/\\\/havan.fr\\\/index.php\\\/boutique\\\/\"},{\"@type\":\"ListItem\",\"position\":3,\"name\":\"Kit Habillage bas de porte arri\u00e8re &#8211; Camper Stellantis K0\"}]},{\"@type\":\"WebSite\",\"@id\":\"https:\\\/\\\/havan.fr\\\/#website\",\"url\":\"https:\\\/\\\/havan.fr\\\/\",\"name\":\"Havan\",\"description\":\"V\u00e9hicules d&#039;aventures\",\"publisher\":{\"@id\":\"https:\\\/\\\/havan.fr\\\/#organization\"},\"potentialAction\":[{\"@type\":\"SearchAction\",\"target\":{\"@type\":\"EntryPoint\",\"urlTemplate\":\"https:\\\/\\\/havan.fr\\\/?s={search_term_string}\"},\"query-input\":{\"@type\":\"PropertyValueSpecification\",\"valueRequired\":true,\"valueName\":\"search_term_string\"}}],\"inLanguage\":\"fr-FR\"},{\"@type\":\"Organization\",\"@id\":\"https:\\\/\\\/havan.fr\\\/#organization\",\"name\":\"Havan\",\"url\":\"https:\\\/\\\/havan.fr\\\/\",\"logo\":{\"@type\":\"ImageObject\",\"inLanguage\":\"fr-FR\",\"@id\":\"https:\\\/\\\/havan.fr\\\/#\\\/schema\\\/logo\\\/image\\\/\",\"url\":\"https:\\\/\\\/i0.wp.com\\\/havan.fr\\\/wp-content\\\/uploads\\\/2024\\\/12\\\/cropped-Logo-havan-vect.png?fit=1861%2C558&ssl=1\",\"contentUrl\":\"https:\\\/\\\/i0.wp.com\\\/havan.fr\\\/wp-content\\\/uploads\\\/2024\\\/12\\\/cropped-Logo-havan-vect.png?fit=1861%2C558&ssl=1\",\"width\":1861,\"height\":558,\"caption\":\"Havan\"},\"image\":{\"@id\":\"https:\\\/\\\/havan.fr\\\/#\\\/schema\\\/logo\\\/image\\\/\"}}]}<\/script>\n<!-- \/ Yoast SEO plugin. -->","yoast_head_json":{"title":"Kit Habillage bas de porte arri\u00e8re - Camper Stellantis K0 - Havan","description":"Havan vous propose un meuble de cuisine \u00e9quip\u00e9 et compact, adapt\u00e9 aux formes complexes des Expert, Jumpy, Vivaro, Scudo ou encore Proace","robots":{"index":"index","follow":"follow","max-snippet":"max-snippet:-1","max-image-preview":"max-image-preview:large","max-video-preview":"max-video-preview:-1"},"canonical":"https:\/\/havan.fr\/index.php\/produit\/kit-habillage-bas-de-porte-arriere-camper-stellantis-k0\/","og_locale":"fr_FR","og_type":"article","og_title":"Kit Habillage bas de porte arri\u00e8re - Camper Stellantis K0 - Havan","og_description":"Havan vous propose un meuble de cuisine \u00e9quip\u00e9 et compact, adapt\u00e9 aux formes complexes des Expert, Jumpy, Vivaro, Scudo ou encore Proace","og_url":"https:\/\/havan.fr\/index.php\/produit\/kit-habillage-bas-de-porte-arriere-camper-stellantis-k0\/","og_site_name":"Havan","article_modified_time":"2025-06-12T06:46:08+00:00","og_image":[{"width":1920,"height":2560,"url":"https:\/\/havan.fr\/wp-content\/uploads\/2025\/06\/PXL_20250601_160526340-scaled.jpg","type":"image\/jpeg"}],"twitter_card":"summary_large_image","twitter_misc":{"Dur\u00e9e de lecture estim\u00e9e":"1 minute"},"schema":{"@context":"https:\/\/schema.org","@graph":[{"@type":"WebPage","@id":"https:\/\/havan.fr\/index.php\/produit\/kit-habillage-bas-de-porte-arriere-camper-stellantis-k0\/","url":"https:\/\/havan.fr\/index.php\/produit\/kit-habillage-bas-de-porte-arriere-camper-stellantis-k0\/","name":"Kit Habillage bas de porte arri\u00e8re - Camper Stellantis K0 - Havan","isPartOf":{"@id":"https:\/\/havan.fr\/#website"},"primaryImageOfPage":{"@id":"https:\/\/havan.fr\/index.php\/produit\/kit-habillage-bas-de-porte-arriere-camper-stellantis-k0\/#primaryimage"},"image":{"@id":"https:\/\/havan.fr\/index.php\/produit\/kit-habillage-bas-de-porte-arriere-camper-stellantis-k0\/#primaryimage"},"thumbnailUrl":"https:\/\/i0.wp.com\/havan.fr\/wp-content\/uploads\/2025\/06\/PXL_20250601_160526340-scaled.jpg?fit=1920%2C2560&ssl=1","datePublished":"2025-06-06T15:17:50+00:00","dateModified":"2025-06-12T06:46:08+00:00","description":"Havan vous propose un meuble de cuisine \u00e9quip\u00e9 et compact, adapt\u00e9 aux formes complexes des Expert, Jumpy, Vivaro, Scudo ou encore Proace","breadcrumb":{"@id":"https:\/\/havan.fr\/index.php\/produit\/kit-habillage-bas-de-porte-arriere-camper-stellantis-k0\/#breadcrumb"},"inLanguage":"fr-FR","potentialAction":[{"@type":"ReadAction","target":["https:\/\/havan.fr\/index.php\/produit\/kit-habillage-bas-de-porte-arriere-camper-stellantis-k0\/"]}]},{"@type":"ImageObject","inLanguage":"fr-FR","@id":"https:\/\/havan.fr\/index.php\/produit\/kit-habillage-bas-de-porte-arriere-camper-stellantis-k0\/#primaryimage","url":"https:\/\/i0.wp.com\/havan.fr\/wp-content\/uploads\/2025\/06\/PXL_20250601_160526340-scaled.jpg?fit=1920%2C2560&ssl=1","contentUrl":"https:\/\/i0.wp.com\/havan.fr\/wp-content\/uploads\/2025\/06\/PXL_20250601_160526340-scaled.jpg?fit=1920%2C2560&ssl=1","width":1920,"height":2560},{"@type":"BreadcrumbList","@id":"https:\/\/havan.fr\/index.php\/produit\/kit-habillage-bas-de-porte-arriere-camper-stellantis-k0\/#breadcrumb","itemListElement":[{"@type":"ListItem","position":1,"name":"Accueil","item":"https:\/\/havan.fr\/"},{"@type":"ListItem","position":2,"name":"Boutique","item":"https:\/\/havan.fr\/index.php\/boutique\/"},{"@type":"ListItem","position":3,"name":"Kit Habillage bas de porte arri\u00e8re &#8211; Camper Stellantis K0"}]},{"@type":"WebSite","@id":"https:\/\/havan.fr\/#website","url":"https:\/\/havan.fr\/","name":"Havan","description":"V\u00e9hicules d&#039;aventures","publisher":{"@id":"https:\/\/havan.fr\/#organization"},"potentialAction":[{"@type":"SearchAction","target":{"@type":"EntryPoint","urlTemplate":"https:\/\/havan.fr\/?s={search_term_string}"},"query-input":{"@type":"PropertyValueSpecification","valueRequired":true,"valueName":"search_term_string"}}],"inLanguage":"fr-FR"},{"@type":"Organization","@id":"https:\/\/havan.fr\/#organization","name":"Havan","url":"https:\/\/havan.fr\/","logo":{"@type":"ImageObject","inLanguage":"fr-FR","@id":"https:\/\/havan.fr\/#\/schema\/logo\/image\/","url":"https:\/\/i0.wp.com\/havan.fr\/wp-content\/uploads\/2024\/12\/cropped-Logo-havan-vect.png?fit=1861%2C558&ssl=1","contentUrl":"https:\/\/i0.wp.com\/havan.fr\/wp-content\/uploads\/2024\/12\/cropped-Logo-havan-vect.png?fit=1861%2C558&ssl=1","width":1861,"height":558,"caption":"Havan"},"image":{"@id":"https:\/\/havan.fr\/#\/schema\/logo\/image\/"}}]}},"jetpack_sharing_enabled":true,"_links":{"self":[{"href":"https:\/\/havan.fr\/index.php\/wp-json\/wp\/v2\/product\/6695","targetHints":{"allow":["GET"]}}],"collection":[{"href":"https:\/\/havan.fr\/index.php\/wp-json\/wp\/v2\/product"}],"about":[{"href":"https:\/\/havan.fr\/index.php\/wp-json\/wp\/v2\/types\/product"}],"replies":[{"embeddable":true,"href":"https:\/\/havan.fr\/index.php\/wp-json\/wp\/v2\/comments?post=6695"}],"wp:featuredmedia":[{"embeddable":true,"href":"https:\/\/havan.fr\/index.php\/wp-json\/wp\/v2\/media\/6702"}],"wp:attachment":[{"href":"https:\/\/havan.fr\/index.php\/wp-json\/wp\/v2\/media?parent=6695"}],"wp:term":[{"taxonomy":"product_brand","embeddable":true,"href":"https:\/\/havan.fr\/index.php\/wp-json\/wp\/v2\/product_brand?post=6695"},{"taxonomy":"product_cat","embeddable":true,"href":"https:\/\/havan.fr\/index.php\/wp-json\/wp\/v2\/product_cat?post=6695"},{"taxonomy":"product_tag","embeddable":true,"href":"https:\/\/havan.fr\/index.php\/wp-json\/wp\/v2\/product_tag?post=6695"}],"curies":[{"name":"wp","href":"https:\/\/api.w.org\/{rel}","templated":true}]}}